{"id":1122,"date":"2021-04-26T12:16:43","date_gmt":"2021-04-26T20:16:43","guid":{"rendered":"http:\/\/47.181.156.224\/esfrn-privacy-policy\/"},"modified":"2024-12-17T16:01:49","modified_gmt":"2024-12-18T00:01:49","slug":"esfrn-privacy-policy","status":"publish","type":"page","link":"https:\/\/www.esfrn.org\/es\/esfrn-privacy-policy\/","title":{"rendered":"Pol\u00edtica de Privacidad de FRN"},"content":{"rendered":"<p>Proteger su privacidad es nuestra prioridad. Esta p\u00e1gina explica c\u00f3mo se tratar\u00e1 la informaci\u00f3n personal que recopilamos a trav\u00e9s de este sitio web. Proporcionaremos esta informaci\u00f3n en un estilo familiar de preguntas frecuentes.<\/p>\n<h2>\u00bfQui\u00e9n somos?<\/h2>\n<p>Somos una organizaci\u00f3n sin fines de lucro que brinda apoyo y recursos de padres a padres a familias que tienen hijos con discapacidades y retrasos del desarrollo. Usamos este sitio web para comunicarnos con la comunidad y compartir informaci\u00f3n sobre los recursos disponibles. La direcci\u00f3n de nuestro sitio web es: <a href=\"https:\/\/www.esfrn.org\/es\/\" target=\"_blank\" rel=\"noopener noreferrer\">www.esfrn.org\/<\/a>.<\/p>\n<h2>\u00bfQu\u00e9 informaci\u00f3n se almacena?<\/h2>\n<p>Almacenamos los datos de entrada del usuario enviados a trav\u00e9s de los formularios de contacto en este sitio web, junto con la metainformaci\u00f3n sobre los env\u00edos, incluida la marca de tiempo, la direcci\u00f3n IP de origen y el agente de usuario (navegador). Adem\u00e1s, los servicios de terceros pueden recopilar informaci\u00f3n sobre los visitantes del sitio web. <\/p>\n<h3>Comentarios<\/h3>\n<p>Cuando los visitantes dejan comentarios en el sitio, recopilamos los datos que se muestran en el formulario de comentarios, y tambi\u00e9n la direcci\u00f3n IP del visitante y la cadena del agente de usuario del navegador para ayudar a la detecci\u00f3n de spam.<\/p>\n<p>Se puede proporcionar una cadena an\u00f3nima creada a partir de su direcci\u00f3n de correo electr\u00f3nico (tambi\u00e9n llamada hash) al servicio Gravatar para ver si la est\u00e1 utilizando. La pol\u00edtica de privacidad del servicio Gravatar est\u00e1 disponible aqu\u00ed: <a href=\"https:\/\/automattic.com\/privacy\/\" target=\"_blank\" rel=\"noopener noreferrer\">https:\/\/automattic.com\/privacy\/<\/a>. Despu\u00e9s de la aprobaci\u00f3n de su comentario, su foto de perfil es visible para el p\u00fablico en el contexto de su comentario.<\/p>\n<h3>Medios de comunicaci\u00f3n<\/h3>\n<p>Si carga im\u00e1genes en el sitio web, debe evitar cargar im\u00e1genes con datos de ubicaci\u00f3n incrustados (GPS EXIF) incluidos. Los visitantes del sitio web pueden descargar y extraer los datos de ubicaci\u00f3n de las im\u00e1genes del sitio web.<\/p>\n<h3>Cookies<\/h3>\n<p>Si deja un comentario en nuestro sitio, puede optar por guardar su nombre, direcci\u00f3n de correo electr\u00f3nico y sitio web en cookies. Estos son para su conveniencia para que no tenga que volver a completar sus datos cuando deje otro comentario. Estas cookies durar\u00e1n un a\u00f1o.<\/p>\n<p>Si visita nuestra p\u00e1gina de inicio de sesi\u00f3n, configuraremos una cookie temporal para determinar si su navegador acepta cookies. Esta cookie no contiene datos personales y se descarta cuando cierra su navegador.<\/p>\n<p>Cuando inicie sesi\u00f3n, tambi\u00e9n configuraremos varias cookies para guardar su informaci\u00f3n de inicio de sesi\u00f3n y sus opciones de visualizaci\u00f3n de pantalla. Las cookies de inicio de sesi\u00f3n duran dos d\u00edas y las cookies de opciones de pantalla duran un a\u00f1o. Si selecciona \u00abRecordarme\u00bb, su inicio de sesi\u00f3n persistir\u00e1 durante dos semanas. Si cierra sesi\u00f3n en su cuenta, se eliminar\u00e1n las cookies de inicio de sesi\u00f3n.<\/p>\n<p>Si edita o publica un art\u00edculo, se guardar\u00e1 una cookie adicional en su navegador. Esta cookie no incluye datos personales y simplemente indica el ID de publicaci\u00f3n del art\u00edculo que acaba de editar. Caduca despu\u00e9s de 1 d\u00eda.<\/p>\n<h2>\u00bfA d\u00f3nde va la informaci\u00f3n?<\/h2>\n<p>Usamos el complemento Contact Form 7 para administrar los env\u00edos de formularios de contacto. La informaci\u00f3n se env\u00eda como mensajes de correo electr\u00f3nico a los que solo unos pocos pueden acceder. La informaci\u00f3n tambi\u00e9n se almacena en la base de datos de nuestro servidor de alojamiento para fines de respaldo y referencia posterior. Usamos el complemento Flamingo para administrar estos datos de manera segura. Imagine Systems Inc., Redlands, CA, aloja este sitio web.<\/p>\n<h2>\u00bfCu\u00e1nto tiempo conservas la informaci\u00f3n?<\/h2>\n<p>No establecemos un l\u00edmite de tiempo particular para almacenar informaci\u00f3n porque la necesitamos para referencia futura. Si desea que su informaci\u00f3n sea eliminada de nuestra base de datos, comun\u00edquese con nosotros. Lo eliminaremos siempre que haya dudas sobre su privacidad.<\/p>\n<h2>\u00bfComparte la informaci\u00f3n con otras partes?<\/h2>\n<p>No, aunque usamos algunos complementos de WordPress en este sitio web que pueden pasar datos, incluida informaci\u00f3n personal, a servidores externos para procesarlos,<br \/>\ncomo <a href=\"https:\/\/wordpress.org\/plugins\/akismet\/\" target=\"_blank\" rel=\"noopener noreferrer\">Akismet Anti-Spam<\/a> o <a href=\"https:\/\/wordpress.org\/plugins\/jetpack\/\" target=\"_blank\" rel=\"noopener noreferrer\">Jetpack by WordPress.com<\/a>.<br \/>\nTambi\u00e9n utilizamos el servicio de <a href=\"https:\/\/www.constantcontact.com\/\" target=\"_blank\" rel=\"noopener noreferrer\">Constant Contact<\/a> para nuestros boletines. Si se suscribe a nuestro bolet\u00edn informativo, su correo electr\u00f3nico, nombre, apellido y c\u00f3digo postal se compartir\u00e1n con <a href=\"https:\/\/www.constantcontact.com\/\" target=\"_blank\" rel=\"noopener noreferrer\">Constant Contact<\/a>. Consulte el Centro de privacidad de <a href=\"https:\/\/endurance.clarip.com\/privacycenter\/?brand=ctct\" target=\"_blank\" rel=\"noopener noreferrer\">Constant Contact Privacy Center<\/a> para obtener informaci\u00f3n detallada.<\/p>\n","protected":false},"excerpt":{"rendered":"<p>Proteger su privacidad es nuestra prioridad. Esta p\u00e1gina explica c\u00f3mo se tratar\u00e1 la informaci\u00f3n personal que recopilamos a trav\u00e9s de este sitio web. Proporcionaremos esta&#8230;<\/p>\n<div class=\"more-link-wrapper\"><a class=\"more-link\" href=\"https:\/\/www.esfrn.org\/es\/esfrn-privacy-policy\/\">Lee mas<span class=\"screen-reader-text\">Pol\u00edtica de Privacidad de FRN<\/span><\/a><\/div>\n","protected":false},"author":1,"featured_media":0,"parent":0,"menu_order":0,"comment_status":"closed","ping_status":"closed","template":"","meta":{"_lmt_disableupdate":"no","_lmt_disable":"","footnotes":""},"class_list":["post-1122","page","type-page","status-publish","hentry","entry"],"_links":{"self":[{"href":"https:\/\/www.esfrn.org\/es\/wp-json\/wp\/v2\/pages\/1122","targetHints":{"allow":["GET"]}}],"collection":[{"href":"https:\/\/www.esfrn.org\/es\/wp-json\/wp\/v2\/pages"}],"about":[{"href":"https:\/\/www.esfrn.org\/es\/wp-json\/wp\/v2\/types\/page"}],"author":[{"embeddable":true,"href":"https:\/\/www.esfrn.org\/es\/wp-json\/wp\/v2\/users\/1"}],"replies":[{"embeddable":true,"href":"https:\/\/www.esfrn.org\/es\/wp-json\/wp\/v2\/comments?post=1122"}],"version-history":[{"count":3,"href":"https:\/\/www.esfrn.org\/es\/wp-json\/wp\/v2\/pages\/1122\/revisions"}],"predecessor-version":[{"id":4259,"href":"https:\/\/www.esfrn.org\/es\/wp-json\/wp\/v2\/pages\/1122\/revisions\/4259"}],"wp:attachment":[{"href":"https:\/\/www.esfrn.org\/es\/wp-json\/wp\/v2\/media?parent=1122"}],"curies":[{"name":"wp","href":"https:\/\/api.w.org\/{rel}","templated":true}]}}