{"id":687,"date":"2020-03-13T12:30:26","date_gmt":"2020-03-13T20:30:26","guid":{"rendered":"http:\/\/71.243.216.88\/agencias-comunitarias\/"},"modified":"2024-12-17T16:24:21","modified_gmt":"2024-12-18T00:24:21","slug":"agencias-comunitarias","status":"publish","type":"page","link":"https:\/\/www.esfrn.org\/es\/agencias-comunitarias\/","title":{"rendered":"Agencias Comunitarias"},"content":{"rendered":"<div class=\"w3-container\" style=\"margin-top:20px;\">\n<h2>Agencias comunitarias estatales y locales<\/h2>\n<p><\/p>\n<p>\nFRN est\u00e1 disponible para ayudar a las familias a navegar por el complejo laberinto de servicios disponibles y las agencias que brindan esos servicios. A continuaci\u00f3n se proporciona una lista de agencias nacionales, estatales y locales.\n<\/p>\n<p><a id=\"Back-to-Link-List\" name=\"Back%20to%20Link%20List\" class=\"anchor-links\">El texto de anclaje de esta p\u00e1gina est\u00e1 oculto.<\/a><\/p>\n<p>\n<\/div>\n<div class=\"w3-container\" style=\"margin-top:20px;\">\n<h2>Enlaces de agencia<\/h2>\n<p><a href=\"#Advocacy-Legal-Resources-Anchor\" class=\"w3-bar-item my-button\">Abogac\u00eda Recursos Legales<\/a><br \/>\n<a href=\"#National-State-Local-Agencies-Anchor\" class=\"w3-bar-item my-button\">Agencias nacionales-estatales-locales<\/a><br \/>\n<a href=\"#Autism-Anchor\" class=\"w3-bar-item my-button\">Autismo<\/a><br \/>\n<a href=\"#Craniofacial-Anchor\" class=\"w3-bar-item my-button\">Craneofacial<\/a><br \/>\n<a href=\"#Child-Development-Anchor\" class=\"w3-bar-item my-button\">Desarrollo infantil<\/a><br \/>\n<a href=\"#Visual-Impairment-Anchor\" class=\"w3-bar-item my-button\">Discapacidad visual<\/a><br \/>\n<a href=\"#Education-Anchor\" class=\"w3-bar-item my-button\">Educaci\u00f3n<\/a><br \/>\n<a href=\"#Epilepsy-Anchor\" class=\"w3-bar-item my-button\">Epilepsia<\/a><br \/>\n<a href=\"#Spina-Bifida-Anchor\" class=\"w3-bar-item my-button\">Espina b\u00edfida<\/a><br \/>\n<a href=\"#Speech-Language-Communication-Anchor\" class=\"w3-bar-item my-button\">Habla Lenguaje Comunicaci\u00f3n<\/a><br \/>\n<a href=\"#Multiples-Anchor\" class=\"w3-bar-item my-button\">M\u00faltiples<\/a><br \/>\n<a href=\"#Traumatic-Brain-Injury-Anchor\" class=\"w3-bar-item my-button\">Lesi\u00f3n cerebral traum\u00e1tica<\/a><br \/>\n<a href=\"#Cerebral-Palsy-Anchor\" class=\"w3-bar-item my-button\">Par\u00e1lisis cerebral<\/a><br \/>\n<a href=\"#Parenting-Anchor\" class=\"w3-bar-item my-button\">Paternidad<\/a><br \/>\n<a href=\"#Prematurity-Anchor\" class=\"w3-bar-item my-button\">Precocidad<\/a><br \/>\n<a href=\"#Health-Safety-Anchor\" class=\"w3-bar-item my-button\">Salud y Seguridad<\/a><br \/>\n<a href=\"#Sensory-Anchor\" class=\"w3-bar-item my-button\">Sensorial<\/a><br \/>\n<a href=\"#Down-Syndrome-Anchor\" class=\"w3-bar-item my-button\">S\u00edndrome de Down<\/a><br \/>\n<a href=\"#Rare-Syndromes-Anchor\" class=\"w3-bar-item my-button\">S\u00edndromes raros<\/a><br \/>\n<a href=\"#Deaf-Blind-Anchor\" class=\"w3-bar-item my-button\">Sordo ciego<\/a><br \/>\n<a href=\"#Deaf-and-Hard-Hearing-Anchor\" class=\"w3-bar-item my-button\">Sordos y con dificultades auditivas<\/a><br \/>\n<a href=\"#Assistive-Technology-Anchor\" class=\"w3-bar-item my-button\">Tecnolog\u00eda de asistencia<\/a><br \/>\n<a href=\"#Transition-to-Adult-Anchor\" class=\"w3-bar-item my-button\">Transici\u00f3n a adulto<\/a><\/p>\n<hr>\n<p>\n<img decoding=\"async\"  class=\"w3-image w3-border agencies-img\" src=\"\/wp-content\/uploads\/2021\/11\/community-word-handwritten-on-chalkboard-with-heart-symbol-instead-of-O.jpg\" alt=\"Comunidad\"\/><\/p>\n<hr>\n<\/div>\n<p><a id=\"Advocacy-Legal-Resources-Anchor\" name=\"Advocacy%20&amp;%20Legal%20Resources%20Section\" class=\"anchor-links\">El texto de anclaje de esta p\u00e1gina est\u00e1 oculto.<\/a><\/p>\n<div class=\"w3-container\">\n  <\/p>\n<h2>Abogac\u00eda y Recursos Legales<\/h2>\n<ul class=\"w3-ul w3-card\" style=\"width:100%\">\n<li><a href=\"https:\/\/www.epilepsy.com\/\" target=\"_blank\" rel=\"noopener noreferrer\">Fundaci\u00f3n para la epilepsia <\/a><\/li>\n<li><a href=\"https:\/\/www.epilepsy.com\/los-angeles\" target=\"_blank\" rel=\"noopener noreferrer\">Fundaci\u00f3n para la epilepsia del Gran Los \u00c1ngeles<\/a><\/li>\n<li><a href=\"https:\/\/www.theepilepsycenter.org\/\" target=\"_blank\" rel=\"noopener noreferrer\">El centro de epilepsia<\/a><\/li>\n<\/ul>\n<p>\n<\/div>\n<p><a href=\"#Back-to-Link-List\">Volver a la lista<\/a><\/p>\n<p><a id=\"National-State-Local-Agencies-Anchor\" name=\"National,%20State%20&amp;%20Local%20Agencies%20Section\" class=\"anchor-links\">El texto de anclaje de esta p\u00e1gina est\u00e1 oculto.<\/a><\/p>\n<div class=\"w3-container\">\n  <\/p>\n<h2>Agencias nacionales, estatales y locales<\/h2>\n<ul class=\"w3-ul w3-card\" style=\"width:100%\">\n<li><a href=\"https:\/\/www.cdss.ca.gov\/food-nutrition\/calfresh\" target=\"_blank\" rel=\"noopener noreferrer\">Programa CalFresh<\/a><\/li>\n<li><a href=\"https:\/\/www.dds.ca.gov\/services\/early-start\/\" target=\"_blank\" rel=\"noopener noreferrer\">California Early Start<\/a><\/li>\n<li><a href=\"https:\/\/www.cde.ca.gov\/sp\/se\/\" target=\"_blank\" rel=\"noopener noreferrer\">Departamento de Educaci\u00f3n de California &#8211; Educaci\u00f3n Especial <\/a><\/li>\n<li><a href=\"https:\/\/www.dhcs.ca.gov\/services\/MH\" target=\"_blank\" rel=\"noopener noreferrer\">Departamento de Servicios de Salud Mental de California<\/a><\/li>\n<li><a href=\"https:\/\/www.cdss.ca.gov\/\" target=\"_blank\" rel=\"noopener noreferrer\">Departamento de Servicios Sociales de California<\/a><\/li>\n<li><a href=\"https:\/\/www.calwic.org\/\" target=\"_blank\" rel=\"noopener noreferrer\">Asociaci\u00f3n de WIC de California<\/a><\/li>\n<li><a href=\"https:\/\/www.dds.ca.gov\/\" target=\"_blank\" rel=\"noopener noreferrer\">Departamento de Servicios de Desarrollo (DDS)<\/a><\/li>\n<li><a href=\"https:\/\/www.cdss.ca.gov\/in-home-supportive-services\" target=\"_blank\" rel=\"noopener noreferrer\">Programa En Home Supportive Services (IHSS)<\/a><\/li>\n<li><a href=\"https:\/\/www.inlandrc.org\/\" target=\"_blank\" rel=\"noopener noreferrer\">Centro Regional Interior (IRC) <\/a><\/li>\n<li><a href=\"https:\/\/www.dhcs.ca.gov\/services\/medi-cal\" target=\"_blank\" rel=\"noopener noreferrer\">Medi-Cal<\/a><\/li>\n<li><a href=\"https:\/\/www.ssa.gov\/\" target=\"_blank\" rel=\"noopener noreferrer\">Administracion de la Seguridad Social <\/a><\/li>\n<li><a href=\"https:\/\/www.ssa.gov\/ssi\/\" target=\"_blank\" rel=\"noopener noreferrer\">Ingresos del Seguro Social (SSI)<\/a><\/li>\n<\/ul>\n<p>\n<\/div>\n<p><a href=\"#Back-to-Link-List\">Volver a la lista<\/a><\/p>\n<p><a id=\"Autism-Anchor\" name=\"Autism%20Section\" class=\"anchor-links\">El texto de anclaje de esta p\u00e1gina est\u00e1 oculto.<\/a><\/p>\n<div class=\"w3-container\">\n  <\/p>\n<h2>Autismo<\/h2>\n<ul class=\"w3-ul w3-card\" style=\"width:100%\">\n<li><a href=\"https:\/\/www.autism-society.org\/\" target=\"_blank\" rel=\"noopener noreferrer\">Sociedad de Autismo America <\/a><\/li>\n<li><a href=\"https:\/\/www.ieautism.org\/\" target=\"_blank\" rel=\"noopener noreferrer\">Autism Society Inland Empire <\/a><\/li>\n<li><a href=\"https:\/\/cvasa.org\/\" target=\"_blank\" rel=\"noopener noreferrer\">Coachella Valley Sociedad de autismo<\/a><\/li>\n<li><a href=\"https:\/\/nationalautismassociation.org\/\" target=\"_blank\" rel=\"noopener noreferrer\">Sociedad de Autismo Nacional<\/a><\/li>\n<li><a href=\"https:\/\/searchcenter.ucr.edu\/\" target=\"_blank\" rel=\"noopener noreferrer\">BUSCAR Centro de recursos para el autismo familiar<\/a><\/li>\n<li><a href=\"https:\/\/www.sesameworkshop.org\/what-we-do\/autism\" target=\"_blank\" rel=\"noopener noreferrer\">Sesame Workshop Autism Aceptaci\u00f3n<\/a><\/li>\n<\/ul>\n<p>\n<\/div>\n<p><a href=\"#Back-to-Link-List\">Volver a la lista de enlaces<\/a><\/p>\n<p><a id=\"Craniofacial-Anchor\" name=\"Craniofacial%20Section\" class=\"anchor-links\">El texto de anclaje de esta p\u00e1gina est\u00e1 oculto.<\/a><\/p>\n<div class=\"w3-container\">\n  <\/p>\n<h2>Craneofacial<\/h2>\n<ul class=\"w3-ul w3-card\" style=\"width:100%\">\n<li><a href=\"https:\/\/ccakids.org\/\" target=\"_blank\" rel=\"noopener noreferrer\">Asociaci\u00f3n Craneofacial de Ni\u00f1os <\/a><\/li>\n<li><a href=\"https:\/\/www.faces-cranio.org\/\" target=\"_blank\" rel=\"noopener noreferrer\">FACES Asociaci\u00f3n Nacional Craneofacial<\/a><\/li>\n<\/ul>\n<p>\n<\/div>\n<p><a href=\"#Back-to-Link-List\">Volver a la lista<\/a><\/p>\n<p><a id=\"Child-Development-Anchor\" name=\"Child%20Development%20Section\" class=\"anchor-links\">El texto de anclaje de esta p\u00e1gina est\u00e1 oculto.<\/a><\/p>\n<div class=\"w3-container\">\n  <\/p>\n<h2>Desarrollo infantil<\/h2>\n<ul class=\"w3-ul w3-card\" style=\"width:100%\">\n<li><a href=\"https:\/\/allaboutyoungchildren.org\/\" target=\"_blank\" rel=\"noopener noreferrer\">Todo sobre ni\u00f1os peque\u00f1os<\/a><\/li>\n<li><a href=\"https:\/\/www.cdc.gov\/ncbddd\/actearly\/index.html\" target=\"_blank\" rel=\"noopener noreferrer\">Los CDC aprenden las se\u00f1ales temprano<\/a><\/li>\n<li><a href=\"https:\/\/pathways.org\/\" target=\"_blank\" rel=\"noopener noreferrer\">Caminos<\/a><\/li>\n<li><a href=\"https:\/\/ready4k.parentpowered.com\/\" target=\"_blank\" rel=\"noopener noreferrer\">Ready4K<\/a><\/li>\n<li><a href=\"https:\/\/www.vroom.org\/\" target=\"_blank\" rel=\"noopener noreferrer\">Vroom<\/a><\/li>\n<\/ul>\n<p>\n<\/div>\n<p><a href=\"#Back-to-Link-List\">Volver a la lista<\/a><\/p>\n<p><a id=\"Visual-Impairment-Anchor\" name=\"Visual%20Impairment%20Section\" class=\"anchor-links\">El texto de anclaje de esta p\u00e1gina est\u00e1 oculto.<\/a><\/p>\n<div class=\"w3-container\">\n  <\/p>\n<h2>Discapacidad visual<\/h2>\n<ul class=\"w3-ul w3-card\" style=\"width:100%\">\n<li><a href=\"https:\/\/www.afb.org\/\" target=\"_blank\" rel=\"noopener noreferrer\">Fundaci\u00f3n Americana para Ciegos<\/a><\/li>\n<li><a href=\"https:\/\/www.birthtofivevision.org\/\" target=\"_blank\" rel=\"noopener noreferrer\">Red de Visi\u00f3n del Nacimiento a los Cinco del Sur de California<\/a><\/li>\n<li><a href=\"https:\/\/www.blindnesssupport.com\/\" target=\"_blank\" rel=\"noopener noreferrer\">Servicios de apoyo para la ceguera<\/a><\/li>\n<li><a href=\"https:\/\/brailleinstitute.org\/\" target=\"_blank\" rel=\"noopener noreferrer\">Instituto Braille<\/a><\/li>\n<li><a href=\"https:\/\/www.lighthouseguild.org\/patients-families\/tele-support-services\/support-for-parents\/\" target=\"_blank\" rel=\"noopener noreferrer\">Gremio del faro<\/a><\/li>\n<li><a href=\"https:\/\/www.wayfinderfamily.org\/\" target=\"_blank\" rel=\"noopener noreferrer\">Servicios familiares Wayfinder<\/a><\/li>\n<\/ul>\n<p>\n<\/div>\n<p><a href=\"#Back-to-Link-List\">Volver a la lista<\/a><\/p>\n<p><a id=\"Education-Anchor\" name=\"Education%20Section\" class=\"anchor-links\">El texto de anclaje de esta p\u00e1gina est\u00e1 oculto.<\/a><\/p>\n<div class=\"w3-container\">\n  <\/p>\n<h2>Educaci\u00f3n<\/h2>\n<ul class=\"w3-ul w3-card\" style=\"width:100%\">\n<li><a href=\"https:\/\/www.cde.ca.gov\/sp\/se\/as\/caselpas.asp\" target=\"_blank\" rel=\"noopener noreferrer\">California Special Education Local Plan Areas<\/a><\/li>\n<li><a href=\"https:\/\/www.dgs.ca.gov\/oah\/case-types\/special-education\" target=\"_blank\" rel=\"noopener noreferrer\">Office of Administrative Hearings &#8211; Special Education Division<\/a><\/li>\n<\/ul>\n<p>\n<\/div>\n<p><a href=\"#Back-to-Link-List\">Back to Link List<\/a><\/p>\n<p><a id=\"Epilepsy-Anchor\" name=\"Epilepsy%20Section\" class=\"anchor-links\">El texto de anclaje de esta p\u00e1gina est\u00e1 oculto.<\/a><\/p>\n<div class=\"w3-container\">\n  <\/p>\n<h2>Epilepsia<\/h2>\n<ul class=\"w3-ul w3-card\" style=\"width:100%\">\n<li><a href=\"https:\/\/www.epilepsy.com\/\" target=\"_blank\" rel=\"noopener noreferrer\">Fundaci\u00f3n para la epilepsia <\/a><\/li>\n<li><a href=\"https:\/\/www.epilepsy.com\/los-angeles\" target=\"_blank\" rel=\"noopener noreferrer\">Fundaci\u00f3n para la epilepsia del Gran Los \u00c1ngeles<\/a><\/li>\n<li><a href=\"https:\/\/naec-epilepsy.org\/\" target=\"_blank\" rel=\"noopener noreferrer\">Asociaci\u00f3n Nacional de Centros de Epilepsia<\/a><\/li>\n<\/ul>\n<p>\n<\/div>\n<p><a href=\"#Back-to-Link-List\">Volver a la lista<\/a><\/p>\n<p><a id=\"Spina-Bifida-Anchor\" name=\"Spina%20Bifida%20Section\" class=\"anchor-links\">El texto de anclaje de esta p\u00e1gina est\u00e1 oculto.<\/a><\/p>\n<div class=\"w3-container\">\n  <\/p>\n<h2>Espina b\u00edfida<\/h2>\n<ul class=\"w3-ul w3-card\" style=\"width:100%\">\n<li><a href=\"https:\/\/www.spinabifidaassociation.org\/\" target=\"_blank\" rel=\"noopener noreferrer\">Asociaci\u00f3n de espina b\u00edfida de Am\u00e9rica<\/a><\/li>\n<\/ul>\n<p>\n<\/div>\n<p><a href=\"#Back-to-Link-List\">Volver a la lista<\/a><\/p>\n<p><a id=\"Speech-Language-Communication-Anchor\" name=\"Speech,%20Language%20&amp;%20Communication%20Section\" class=\"anchor-links\">El texto de anclaje de esta p\u00e1gina est\u00e1 oculto.<\/a><\/p>\n<div class=\"w3-container\">\n  <\/p>\n<h2>Habla, lenguaje y comunicaci\u00f3n<\/h2>\n<ul class=\"w3-ul w3-card\" style=\"width:100%\">\n<li><a href=\"https:\/\/identifythesigns.org\/\" target=\"_blank\" rel=\"noopener noreferrer\">La Asociaci\u00f3n Estadounidense de Habla, Lenguaje y Audici\u00f3n identifica los signos <\/a><\/li>\n<li><a href=\"https:\/\/www.hanen.org\/information-tips\/tips\" target=\"_blank\" rel=\"noopener noreferrer\">El centro de Hanen<\/a><\/li>\n<li><a href=\"https:\/\/www.zerotothree.org\/early-learning\/language-and-communication\" target=\"_blank\" rel=\"noopener noreferrer\">CERO A TRES<\/a><\/li>\n<\/ul>\n<p>\n<\/div>\n<p><a href=\"#Back-to-Link-List\">Volver a la lista<\/a><\/p>\n<p><a id=\"Multiples-Anchor\" name=\"Multiples%20Section\" class=\"anchor-links\">El texto de anclaje de esta p\u00e1gina est\u00e1 oculto.<\/a><\/p>\n<div class=\"w3-container\">\n  <\/p>\n<h2>M\u00faltiples<\/h2>\n<ul class=\"w3-ul w3-card\" style=\"width:100%\">\n<li><a href=\"https:\/\/www.multiplesofamerica.org\/\" target=\"_blank\" rel=\"noopener noreferrer\">M\u00faltiplos de Am\u00e9rica<\/a><\/li>\n<\/ul>\n<p>\n<\/div>\n<p><a href=\"#Back-to-Link-List\">Volver a la lista<\/a><\/p>\n<p><a id=\"Traumatic-Brain-Injury-Anchor\" name=\"Traumatic%20Brain%20Injury%20Section\" class=\"anchor-links\">El texto de anclaje de esta p\u00e1gina est\u00e1 oculto.<\/a><\/p>\n<div class=\"w3-container\">\n  <\/p>\n<h2>Lesi\u00f3n cerebral traum\u00e1tica<\/h2>\n<ul class=\"w3-ul w3-card\" style=\"width:100%\">\n<li><a href=\"https:\/\/www.biausa.org\/\" target=\"_blank\" rel=\"noopener noreferrer\">Asociaci\u00f3n de Lesiones Cerebrales de Am\u00e9rica<\/a><\/li>\n<li><a href=\"https:\/\/www.neuroskills.com\/brain-injury\/\" target=\"_blank\" rel=\"noopener noreferrer\">Centro de habilidades neurol\u00f3gicas<\/a><\/li>\n<\/ul>\n<p>\n<\/div>\n<p><a href=\"#Back-to-Link-List\">Volver a la lista<\/a><\/p>\n<p><a id=\"Cerebral-Palsy-Anchor\" name=\"Cerebral%20Palsy%20Section\" class=\"anchor-links\">El texto de anclaje de esta p\u00e1gina est\u00e1 oculto.<\/a><\/p>\n<div class=\"w3-container\">\n  <\/p>\n<h2>Par\u00e1lisis cerebral<\/h2>\n<ul class=\"w3-ul w3-card\" style=\"width:100%\">\n<li><a href=\"https:\/\/ucp.org\/\" target=\"_blank\" rel=\"noopener noreferrer\">Par\u00e1lisis cerebral unida<\/a><\/li>\n<li><a href=\"https:\/\/ucpie.org\/\" target=\"_blank\" rel=\"noopener noreferrer\">Par\u00e1lisis cerebral unida del Inland Empire <\/a><\/li>\n<\/ul>\n<p>\n<\/div>\n<p><a href=\"#Back-to-Link-List\">Volver a la lista<\/a><\/p>\n<p><a id=\"Parenting-Anchor\" name=\"Parenting%20Section\" class=\"anchor-links\">El texto de anclaje de esta p\u00e1gina est\u00e1 oculto.<\/a><\/p>\n<div class=\"w3-container\">\n  <\/p>\n<h2>Paternidad<\/h2>\n<ul class=\"w3-ul w3-card\" style=\"width:100%\">\n<li><a href=\"https:\/\/csefel.vanderbilt.edu\/resources\/family.html\" target=\"_blank\" rel=\"noopener noreferrer\">Centro de Fundamentos Sociales y Emocionales<\/a><\/li>\n<li><a href=\"https:\/\/www.dds.ca.gov\/services\/early-start\/early-start-publications-resources-and-program-guidance\/publications\/\" target=\"_blank\" rel=\"noopener noreferrer\">Publicaciones de inicio temprano<\/a><\/li>\n<li><a href=\"https:\/\/www.ep-magazine.com\/\" target=\"_blank\" rel=\"noopener noreferrer\">Revista excepcional para padres<\/a><\/li>\n<li><a href=\"https:\/\/www.positivediscipline.com\/blog-category\/parents\" target=\"_blank\" rel=\"noopener noreferrer\">Disciplina Positiva<\/a><\/li>\n<li><a href=\"https:\/\/www.dds.ca.gov\/services\/early-start\/take-a-minute\/\" target=\"_blank\" rel=\"noopener noreferrer\">T\u00f3mese un minuto &#8211; \u00a1Las relaciones importan!<\/a><\/li>\n<li><a href=\"https:\/\/www.incredibleyears.com\/\" target=\"_blank\" rel=\"noopener noreferrer\">Los a\u00f1os incre\u00edbles<\/a><\/li>\n<li><a href=\"https:\/\/challengingbehavior.cbcs.usf.edu\/resources\/index.html\" target=\"_blank\" rel=\"noopener noreferrer\">El Centro Nacional para el Modelo de la Pir\u00e1mide<\/a><\/li>\n<li><a href=\"https:\/\/www.zerotothree.org\/parenting\/positive-parenting-approaches\">CERO A TRES<\/a><\/li>\n<\/ul>\n<p>\n<\/div>\n<p><a href=\"#Back-to-Link-List\">Volver a la lista<\/a><\/p>\n<p><a id=\"Prematurity-Anchor\" name=\"Prematurity%20Section\" class=\"anchor-links\">El texto de anclaje de esta p\u00e1gina est\u00e1 oculto.<\/a><\/p>\n<div class=\"w3-container\">\n  <\/p>\n<h2>Precocidad<\/h2>\n<ul class=\"w3-ul w3-card\" style=\"width:100%\">\n<li><a href=\"https:\/\/www.marchofdimes.org\/index.aspx\" target=\"_blank\" rel=\"noopener noreferrer\">March of Dimes<\/a><\/li>\n<li><a href=\"https:\/\/www.prematurity.org\/\" target=\"_blank\" rel=\"noopener noreferrer\">Precocidad<\/a><\/li>\n<\/ul>\n<p>\n<\/div>\n<p><a href=\"#Back-to-Link-List\">Volver a la lista<\/a><\/p>\n<p><a id=\"Health-Safety-Anchor\" name=\"Health%20and%20Safety%20Section\" class=\"anchor-links\">El texto de anclaje de esta p\u00e1gina est\u00e1 oculto.<\/a><\/p>\n<div class=\"w3-container\">\n  <\/p>\n<h2>Salud y seguridad<\/h2>\n<ul class=\"w3-ul w3-card\" style=\"width:100%\">\n<li><a href=\"https:\/\/www.dhcs.ca.gov\/Services\/CCS\" target=\"_blank\" rel=\"noopener noreferrer\">Servicios para ni\u00f1os de California<\/a><\/li>\n<li><a href=\"https:\/\/www.dmhc.ca.gov\/\" target=\"_blank\" rel=\"noopener noreferrer\">Departamento de Atenci\u00f3n M\u00e9dica Administrada de California<\/a><\/li>\n<li><a href=\"https:\/\/calpoison.org\/\" target=\"_blank\" rel=\"noopener noreferrer\">Control de envenenamiento de California<\/a><\/li>\n<li><a href=\"https:\/\/www.cdc.gov\/\" target=\"_blank\" rel=\"noopener noreferrer\">Centers for Disease Control and Prevention<\/a><\/li>\n<li><a href=\"https:\/\/www.commonsensemedia.org\/\" target=\"_blank\" rel=\"noopener noreferrer\">Medios de sentido com\u00fan<\/a><\/li>\n<li><a href=\"https:\/\/www.coveredca.com\/\" target=\"_blank\" rel=\"noopener noreferrer\">California cubierta<\/a><\/li>\n<li><a href=\"https:\/\/www.ccfc.ca.gov\/\" target=\"_blank\" rel=\"noopener noreferrer\">Primeros 5 California<\/a><\/li>\n<li><a href=\"https:\/\/www.healthychildren.org\/English\/Pages\/default.aspx\" target=\"_blank\" rel=\"noopener noreferrer\">Ni\u00f1os sanos<\/a><\/li>\n<li><a href=\"https:\/\/helpmegrowie.org\/\" target=\"_blank\" rel=\"noopener noreferrer\">Ay\u00fadame a crecer el Inland Empire<\/a><\/li>\n<li><a href=\"https:\/\/kidshealth.org\/en\/parents\/\" target=\"_blank\" rel=\"noopener noreferrer\">KidsHealth<\/a><\/li>\n<li><a href=\"https:\/\/medlineplus.gov\/\" target=\"_blank\" rel=\"noopener noreferrer\">MedlinePlus<\/a><\/li>\n<li><a href=\"https:\/\/www.safekids.org\/\" target=\"_blank\" rel=\"noopener noreferrer\">Safe Kids Worldwide<\/a><\/li>\n<li><a href=\"https:\/\/wp.sbcounty.gov\/sheriff\/safe-return-program\/\" target=\"_blank\" rel=\"noopener noreferrer\">Programa de retorno seguro del sheriff del condado de San Bernardino<\/a><\/li>\n<li><a href=\"https:\/\/smilecalifornia.org\/\" target=\"_blank\" rel=\"noopener noreferrer\">Smile California<\/a><\/li>\n<li><a href=\"https:\/\/www.healthyamericas.org\/help-line\" target=\"_blank\" rel=\"noopener noreferrer\">Su Familia National Hispanic Family Health Helpline<\/a><\/li>\n<li><a href=\"https:\/\/yourkidstable.com\/\" target=\"_blank\" rel=\"noopener noreferrer\">Your Kids Table<\/a><\/li>\n<\/ul>\n<p>\n<\/div>\n<p><a href=\"#Back-to-Link-List\">Volver a la lista<\/a><\/p>\n<p><a id=\"Sensory-Anchor\" name=\"Sensory%20Section\" class=\"anchor-links\">El texto de anclaje de esta p\u00e1gina est\u00e1 oculto.<\/a><\/p>\n<div class=\"w3-container\">\n  <\/p>\n<h2>Sensorial<\/h2>\n<ul class=\"w3-ul w3-card\" style=\"width:100%\">\n<li><a href=\"https:\/\/sensoryworld.com\/about-spd\/\" target=\"_blank\" rel=\"noopener noreferrer\">Mundo sensorial<\/a><\/li>\n<li><a href=\"https:\/\/www.spdstar.org\/\" target=\"_blank\" rel=\"noopener noreferrer\">Instituto STAR<\/a><\/li>\n<\/ul>\n<p>\n<\/div>\n<p><a href=\"#Back-to-Link-List\">Volver a la lista<\/a><\/p>\n<p><a id=\"Down-Syndrome-Anchor\" name=\"Down%20Syndrome%20Section\" class=\"anchor-links\">El texto de anclaje de esta p\u00e1gina est\u00e1 oculto.<\/a><\/p>\n<div class=\"w3-container\">\n  <\/p>\n<h2>S\u00edndrome de Down<\/h2>\n<ul class=\"w3-ul w3-card\" style=\"width:100%\">\n<li><a href=\"https:\/\/downsyndromefamilyresourcecenter.org\/\" target=\"_blank\" rel=\"noopener noreferrer\">Centro de recursos familiares para el s\u00edndrome de Down<\/a><\/li>\n<li><a href=\"https:\/\/www.ivdsa.org\/\" target=\"_blank\" rel=\"noopener noreferrer\">Asociaci\u00f3n de S\u00edndrome de Down del Inland Valley<\/a><\/li>\n<li><a href=\"https:\/\/www.ndsccenter.org\/\" target=\"_blank\" rel=\"noopener noreferrer\">Congreso Nacional de S\u00edndrome de Down<\/a><\/li>\n<li><a href=\"https:\/\/www.ndss.org\/\" target=\"_blank\" rel=\"noopener noreferrer\">Sociedad Nacional de S\u00edndrome de Down <\/a><\/li>\n<\/ul>\n<p>\n<\/div>\n<p><a id=\"Rare-Syndromes-Anchor\" name=\"Rare%20Syndromes%20Section\" class=\"anchor-links\">El texto de anclaje de esta p\u00e1gina est\u00e1 oculto.<\/a><\/p>\n<div class=\"w3-container\">\n  <\/p>\n<h2>S\u00edndromes raros<\/h2>\n<ul class=\"w3-ul w3-card\" style=\"width:100%\">\n<li><a href=\"https:\/\/www.geneticalliance.org\/\" target=\"_blank\" rel=\"noopener noreferrer\">Alianza Gen\u00e9tica<\/a><\/li>\n<li><a href=\"https:\/\/www.lpaonline.org\/\" target=\"_blank\" rel=\"noopener noreferrer\">Gente peque\u00f1a de America<\/a><\/li>\n<li><a href=\"https:\/\/fragilex.org\/\" target=\"_blank\" rel=\"noopener noreferrer\">Fundaci\u00f3n Nacional Fr\u00e1gil X<\/a><\/li>\n<li><a href=\"https:\/\/www.albinism.org\/\" target=\"_blank\" rel=\"noopener noreferrer\">Organizaci\u00f3n nacional para el albinismo y la hipopigmentaci\u00f3n<\/a><\/li>\n<li><a href=\"https:\/\/rarediseases.org\/\" target=\"_blank\" rel=\"noopener noreferrer\">Organizaci\u00f3n nacional de trastornos raros<\/a><\/li>\n<li><a href=\"https:\/\/www.rettsyndrome.org\/\" target=\"_blank\" rel=\"noopener noreferrer\">S\u00edndrome de Rett<\/a><\/li>\n<li><a href=\"https:\/\/www.rarechromo.org\/\" target=\"_blank\" rel=\"noopener noreferrer\">Reino Unido \u00fanico<\/a><\/li>\n<\/ul>\n<p>\n<\/div>\n<p><a href=\"#Back-to-Link-List\">Volver a la lista<\/a><\/p>\n<p><a id=\"Deaf-Blind-Anchor\" name=\"Deaf-Blind%20Section\" class=\"anchor-links\">El texto de anclaje de esta p\u00e1gina est\u00e1 oculto.<\/a><\/p>\n<div class=\"w3-container\">\n  <\/p>\n<h2>Sordo ciego<\/h2>\n<ul class=\"w3-ul w3-card\" style=\"width:100%\">\n<li><a href=\"https:\/\/cadeafblind.org\/\" target=\"_blank\" rel=\"noopener noreferrer\">Servicios para sordociegos de California<\/a><\/li>\n<\/ul>\n<p>\n<\/div>\n<p><a href=\"#Back-to-Link-List\">Volver a la lista<\/a><\/p>\n<p><a id=\"Deaf-and-Hard-Hearing-Anchor\" name=\"Deaf%20and%20Hard%20of%20Hearing%20Section\" class=\"anchor-links\">El texto de anclaje de esta p\u00e1gina est\u00e1 oculto.<\/a><\/p>\n<div class=\"w3-container\">\n  <\/p>\n<h2>Sordos y con problemas de audici\u00f3n<\/h2>\n<ul class=\"w3-ul w3-card\" style=\"width:100%\">\n<li><a href=\"https:\/\/www.agbell.org\/\" target=\"_blank\" rel=\"noopener noreferrer\">AG Bell Association para sordos<\/a><\/li>\n<li><a href=\"https:\/\/www.cahandsandvoices.org\/\" target=\"_blank\" rel=\"noopener noreferrer\">California Manos y voces<\/a><\/li>\n<li><a href=\"https:\/\/www.dhcs.ca.gov\/services\/nhsp\/Pages\/default.aspx\" target=\"_blank\" rel=\"noopener noreferrer\">Programa de evaluaci\u00f3n de audici\u00f3n para reci\u00e9n nacidos de California <\/a><\/li>\n<li><a href=\"https:\/\/www.csdr-cde.ca.gov\/\" target=\"_blank\" rel=\"noopener noreferrer\">Escuela de California para sordos Riverside<\/a><\/li>\n<li><a href=\"https:\/\/codie.org\/\" target=\"_blank\" rel=\"noopener noreferrer\">Centro de Sordera Inland Empire<\/a><\/li>\n<li><a href=\"https:\/\/www.jtc.org\/wwparentedu\/\" target=\"_blank\" rel=\"noopener noreferrer\">Cl\u00ednica John Tracy Educaci\u00f3n para padres<\/a><\/li>\n<li><a href=\"https:\/\/clerccenter.gallaudet.edu\/\" target=\"_blank\" rel=\"noopener noreferrer\">Centro Nacional de Educaci\u00f3n para Sordos Laurent Clerc<\/a><\/li>\n<li><a href=\"https:\/\/www.mydeafchild.org\/#welcome\" target=\"_blank\" rel=\"noopener noreferrer\">Mi ni\u00f1o sordo<\/a><\/li>\n<\/ul>\n<p>\n<\/div>\n<p><a href=\"#Back-to-Link-List\">Volver a la lista<\/a><\/p>\n<p><a id=\"Assistive-Technology-Anchor\" name=\"Assistive%20Technology%20Section\" class=\"anchor-links\">El texto de anclaje de esta p\u00e1gina est\u00e1 oculto.<\/a><\/p>\n<div class=\"w3-container\">\n  <\/p>\n<h2>Tecnolog\u00eda de asistencia<\/h2>\n<ul class=\"w3-ul w3-card\" style=\"width:100%\">\n<li><a href=\"https:\/\/www.abilitytools.org\/\" target=\"_blank\" rel=\"noopener noreferrer\">Herramientas de habilidad<\/a><\/li>\n<li><a href=\"https:\/\/www.asha.org\/public\/speech\/disorders\/AAc\/\" target=\"_blank\" rel=\"noopener noreferrer\">Comunicaci\u00f3n aumentativa y alternativa de ASHA (AAC)<\/a><\/li>\n<li><a href=\"https:\/\/www.cde.ca.gov\/sp\/se\/sr\/atexmpl.asp\" target=\"_blank\" rel=\"noopener noreferrer\">Lista de verificaci\u00f3n de tecnolog\u00eda de asistencia del Departamento de Educaci\u00f3n de California<\/a><\/li>\n<li><a href=\"https:\/\/nationalautismassociation.org\/family-support\/programs\/naas-give-a-voice-program\/\" target=\"_blank\" rel=\"noopener noreferrer\">Asociaci\u00f3n Nacional de Autismo Programa Give a Voice<\/a><\/li>\n<li><a href=\"https:\/\/www.santaslittlehackers.com\/\" target=\"_blank\" rel=\"noopener noreferrer\">Los peque\u00f1os hackers de Santa<\/a><\/li>\n<li><a href=\"https:\/\/taskca.org\/tech-center\/\" target=\"_blank\" rel=\"noopener noreferrer\">TASK Centro Tecnol\u00f3gico<\/a><\/li>\n<\/ul>\n<p>\n<\/div>\n<p><a href=\"#Back-to-Link-List\">Volver a la lista<\/a><\/p>\n<p><a id=\"Transition-to-Adult-Anchor\" name=\"Transition%20to%20Adult%20Section\" class=\"anchor-links\">El texto de anclaje de esta p\u00e1gina est\u00e1 oculto.<\/a><\/p>\n<div class=\"w3-container\">\n  <\/p>\n<h2>Transici\u00f3n a adulto<\/h2>\n<ul class=\"w3-ul w3-card\" style=\"width:100%\">\n<li><a href=\"https:\/\/thinkcollege.net\/\" target=\"_blank\" rel=\"noopener noreferrer\">Piensa en la universidad<\/a><\/li>\n<li><a href=\"https:\/\/www.cde.ca.gov\/sp\/se\/st\/\" target=\"_blank\" rel=\"noopener noreferrer\">Planificaci\u00f3n de transici\u00f3n secundaria del Departamento de Educaci\u00f3n de California<\/a><\/li>\n<li><a href=\"https:\/\/ca.db101.org\/\" target=\"_blank\" rel=\"noopener noreferrer\">Beneficios por discapacidad 101 California<\/a><\/li>\n<li><a href=\"https:\/\/www.dor.ca.gov\/\" target=\"_blank\" rel=\"noopener noreferrer\">Departamento de Rehabilitaci\u00f3n de California<\/a><\/li>\n<li><a href=\"https:\/\/www.dol.gov\/agencies\/odep\" target=\"_blank\" rel=\"noopener noreferrer\">Departamento de Trabajo de los EE. UU. &#8211; Pol\u00edtica de empleo de la Oficina de Discapacidad<\/a><\/li>\n<li><a href=\"https:\/\/www.php.com\/transition-to-adulthood\/\" target=\"_blank\" rel=\"noopener noreferrer\">Transici\u00f3n a la Edad Adulta: Connections California<\/a><\/li>\n<\/ul>\n<p>\n<\/div>\n<p><a href=\"#Back-to-Link-List\">Volver a la lista<\/a><\/p>\n","protected":false},"excerpt":{"rendered":"<p>Agencias comunitarias estatales y locales FRN est\u00e1 disponible para ayudar a las familias a navegar por el complejo laberinto de servicios disponibles y las agencias&#8230;<\/p>\n<div class=\"more-link-wrapper\"><a class=\"more-link\" href=\"https:\/\/www.esfrn.org\/es\/agencias-comunitarias\/\">Lee mas<span class=\"screen-reader-text\">Agencias Comunitarias<\/span><\/a><\/div>\n","protected":false},"author":1,"featured_media":0,"parent":0,"menu_order":0,"comment_status":"closed","ping_status":"closed","template":"","meta":{"_lmt_disableupdate":"no","_lmt_disable":"","footnotes":""},"class_list":["post-687","page","type-page","status-publish","hentry","entry"],"_links":{"self":[{"href":"https:\/\/www.esfrn.org\/es\/wp-json\/wp\/v2\/pages\/687","targetHints":{"allow":["GET"]}}],"collection":[{"href":"https:\/\/www.esfrn.org\/es\/wp-json\/wp\/v2\/pages"}],"about":[{"href":"https:\/\/www.esfrn.org\/es\/wp-json\/wp\/v2\/types\/page"}],"author":[{"embeddable":true,"href":"https:\/\/www.esfrn.org\/es\/wp-json\/wp\/v2\/users\/1"}],"replies":[{"embeddable":true,"href":"https:\/\/www.esfrn.org\/es\/wp-json\/wp\/v2\/comments?post=687"}],"version-history":[{"count":18,"href":"https:\/\/www.esfrn.org\/es\/wp-json\/wp\/v2\/pages\/687\/revisions"}],"predecessor-version":[{"id":4270,"href":"https:\/\/www.esfrn.org\/es\/wp-json\/wp\/v2\/pages\/687\/revisions\/4270"}],"wp:attachment":[{"href":"https:\/\/www.esfrn.org\/es\/wp-json\/wp\/v2\/media?parent=687"}],"curies":[{"name":"wp","href":"https:\/\/api.w.org\/{rel}","templated":true}]}}